{"id":224,"date":"2016-03-15T17:28:42","date_gmt":"2016-03-15T16:28:42","guid":{"rendered":"http:\/\/kbnl.ch\/\/?page_id=224"},"modified":"2024-07-02T08:50:27","modified_gmt":"2024-07-02T06:50:27","slug":"biotop-und-artenschutz","status":"publish","type":"page","link":"https:\/\/kbnl.ch\/fr\/nl-praxis\/biotop-und-artenschutz\/","title":{"rendered":"Biotopes et esp\u00e8ces"},"content":{"rendered":"<p><\/p>\n<ul>\n<li><strong>Principes d&rsquo;entretien des habitats et des esp\u00e8ces des prairies riches en esp\u00e8ces dans le canton de Zurich (en allemand)<br \/>\n<\/strong><a href=\"https:\/\/kbnl.ch\/wp-content\/uploads\/2022\/01\/pflegegrundsaetze_fuer_lebensraeume_und_arten_des_artenreichen_gruenlands.pdf\">Rapport (Pflegegrunds\u00e4tze f\u00fcr Lebensr\u00e4ume und Arten des artenreichen Gr\u00fcnlands im Kanton Z\u00fcrich)<\/a> (Hintermann &amp; Weber, 2021)<br \/>\n<a href=\"https:\/\/kbnl.ch\/wp-content\/uploads\/2022\/01\/pflegegrundsaetze_anhang_6_pflegevorgaben_flora_und_fauna.xlsx\">Annexe 6<\/a> (Hintermann &amp; Weber, 2021)<\/li>\n<li><strong>Projet \u00ab\u00a0Plan d\u2019action Plateforme d\u2019\u00e9change pour la conservation des esp\u00e8ces sur le Plateau\u00a0\u00bb<\/strong>L\u2019objectif de ce projet est d\u2019am\u00e9liorer les \u00e9changes d\u2019informations et d\u2019exp\u00e9riences entre les cantons au sujet des esp\u00e8ces prioritaires, l\u2019accent \u00e9tant mis sur les meilleures m\u00e9thodes de conservation. Les connaissances sur certaines esp\u00e8ces sont r\u00e9unies lors d\u2019atelier, puis elles sont consolid\u00e9es afin d\u2019\u00eatre mises \u00e0 disposition ici\u00a0:<strong><br \/>\n<\/strong><\/p>\n<ul>\n<li><a href=\"https:\/\/kbnl.ch\/wp-content\/plugins\/download-attachments\/includes\/download.php?id=857\" attachment_id=\"857\" title=\"Anagallis minima (Mouron nain)\" class=\"da-download-link da-download-attachment-857\">Anagallis minima (Mouron nain)<\/a><\/li>\n<li><a href=\"https:\/\/kbnl.ch\/wp-content\/plugins\/download-attachments\/includes\/download.php?id=845\" attachment_id=\"845\" title=\"Campanula cervicaria (Campanule h\u00e9riss\u00e9e)\" class=\"da-download-link da-download-attachment-845\">Campanula cervicaria (Campanule h\u00e9riss\u00e9e)<\/a><\/li>\n<li><a href=\"https:\/\/kbnl.ch\/wp-content\/plugins\/download-attachments\/includes\/download.php?id=858\" attachment_id=\"858\" title=\"Gagea pratensis\/villosa (Etoile jaune des pr\u00e8s\/velue)\" class=\"da-download-link da-download-attachment-858\">Gagea pratensis\/villosa (Etoile jaune des pr\u00e8s\/velue)<\/a><\/li>\n<li><a href=\"https:\/\/kbnl.ch\/wp-content\/plugins\/download-attachments\/includes\/download.php?id=846\" attachment_id=\"846\" title=\"Viola persicifolia (Violette \u00e0 feuilles de p\u00eacher)\" class=\"da-download-link da-download-attachment-846\">Viola persicifolia (Violette \u00e0 feuilles de p\u00eacher)<\/a><\/li>\n<li><a href=\"https:\/\/kbnl.ch\/wp-content\/plugins\/download-attachments\/includes\/download.php?id=859\" attachment_id=\"859\" title=\"Oedipoda caerulescens (Oedipode turquoise)\" class=\"da-download-link da-download-attachment-859\">Oedipoda caerulescens (Oedipode turquoise)<\/a><\/li>\n<li><a href=\"https:\/\/kbnl.ch\/wp-content\/plugins\/download-attachments\/includes\/download.php?id=860\" attachment_id=\"860\" title=\"Phengaris alcon (Azur\u00e9 des mouill\u00e8res)\" class=\"da-download-link da-download-attachment-860\">Phengaris alcon (Azur\u00e9 des mouill\u00e8res)<\/a><\/li>\n<li><a href=\"https:\/\/kbnl.ch\/wp-content\/plugins\/download-attachments\/includes\/download.php?id=1102\" attachment_id=\"1102\" title=\"Coronella austriaca (Coronelle lisse)\" class=\"da-download-link da-download-attachment-1102\">Coronella austriaca (Coronelle lisse)<\/a><\/li>\n<li><a href=\"https:\/\/kbnl.ch\/wp-content\/plugins\/download-attachments\/includes\/download.php?id=1692\" attachment_id=\"1692\" title=\"Bufo calamita (Crapaud calamite)\" class=\"da-download-link da-download-attachment-1692\">Bufo calamita (Crapaud calamite)<\/a><\/li>\n<\/ul>\n<\/li>\n<li><strong><a href=\"https:\/\/www.bafu.admin.ch\/dam\/bafu\/fr\/dokumente\/landschaft\/externe-studien-berichte\/bewertung-einriffe-fuer-schutzwuerdige-lebensraeume.zip.download.zip\/methode-evaluation-des-atteintes-aux-milieux-dignes-de-protection.zip\">M\u00e9thode d\u2019\u00e9valuation des atteintes aux milieux dignes de protection<\/a><\/strong>\u00a0(OFEV): \u00c9valuation des atteintes aux milieux dignes de protection au sens de l\u2019art. 18 al. 1ter LPN.<\/li>\n<li><a href=\"http:\/\/www.bafu.admin.ch\/biodiversitaet\/13721\/14385\/14438\/index.html?lang=fr\" target=\"_blank\" rel=\"noopener noreferrer\"><strong>Aires prot\u00e9g\u00e9es et inventaires des biotopes<\/strong><\/a> (OFEV): informations sur les inventaires des biotopes d\u2019importance nationale (zones alluviales, marais, sites de reproduction de batraciens, sites mar\u00e9cageux et prairies s\u00e8ches), ainsi que sur les districts francs, les r\u00e9serves d\u2019oiseaux d\u2019eau et de migrateurs, les sites \u00c9meraude et les r\u00e9serves foresti\u00e8res.<\/li>\n<li><strong><strong>Aires prot\u00e9g\u00e9es suisses: <a href=\"http:\/\/kbnl.ch\/wp-content\/uploads\/2016\/10\/KBNL_Praxishilfe_Markierung_161006_fr.pdf\" target=\"_blank\" rel=\"noopener noreferrer\">Guide pratique pour la signalisation<\/a><br \/>\n<\/strong><\/strong><\/li>\n<li><strong>Manuel de signalisation pour les <a href=\"https:\/\/www.bafu.admin.ch\/bafu\/fr\/home\/themes\/biodiversite\/publications\/publications-biodiversite\/zones-tranquillite-faune-manuel-signalisation.html\">zones de tranquillit\u00e9 pour la faune<\/a><\/strong><\/li>\n<li><a href=\"http:\/\/www.birdlife.ch\/fr\/content\/campagne-biodiversite-dans-les-agglomerations\" target=\"_blank\" rel=\"noopener noreferrer\"><strong>Campagne \u00abBiodiversit\u00e9 dans les agglom\u00e9rations\u00bb de l\u2019ASPO<\/strong><\/a>: informations et documents sur la campagne quinquennale de l\u2019Association Suisse pour la Protection des Oiseaux (ASPO). L\u2019objectif de cette campagne est d\u2019amener plus de nature dans les villes et les villages.<\/li>\n<li><a href=\"http:\/\/www.vogelwarte.ch\/fr\/oiseaux\/les-oiseaux-de-suisse\/\" target=\"_blank\" rel=\"noopener noreferrer\"><strong>Station ornithologique suisse Sempach<\/strong><\/a><\/li>\n<li><a href=\"http:\/\/www.artenfoerderung-voegel.ch\/conservation-oiseaux.html\" target=\"_blank\" rel=\"noopener noreferrer\"><strong>Conservation des oiseaux en Suisse<\/strong><\/a>: la mise en \u0153uvre des mesures de conservation des esp\u00e8ces en Suisse repose sur divers instruments tels que plans d\u2019action, m\u00e9mento et publications.<\/li>\n<li><a href=\"https:\/\/www.infofauna.ch\/fr#gsc.tab=0\"><strong>info fauna:<\/strong><\/a> Centre national de donn\u00e9es et d&rsquo;informations sur la faune de Suisse.\n<ul>\n<li>Centre de coordination pour la protection des <a href=\"https:\/\/www.infofauna.ch\/fr\/services-conseil\/amphibiens-karch#gsc.tab=0\">amphibiens<\/a> et des <a href=\"https:\/\/www.infofauna.ch\/fr\/services-conseil\/reptiles-karch#gsc.tab=0\">reptiles<\/a> de Suisse (<a href=\"https:\/\/www.infofauna.ch\/fr\/services-conseil#gsc.tab=0\">karch<\/a>)<\/li>\n<li>Service <a href=\"https:\/\/www.infofauna.ch\/fr\/services-conseil\/castor#gsc.tab=0\">conseil castor<\/a><\/li>\n<li>Service <a href=\"https:\/\/www.infofauna.ch\/fr\/services-conseil\/service-conseil-loutre#gsc.tab=0\">conseil loutre<\/a><\/li>\n<\/ul>\n<\/li>\n<li><strong><a href=\"http:\/\/www.flusskrebse.ch\/fr_index.htm\" target=\"_blank\" rel=\"noopener noreferrer\">Service conseil \u00e9crevisse Suisse (KFKS\/SCES<\/a>)<\/strong><\/li>\n<li><a href=\"https:\/\/www.infoflora.ch\/fr\/\" target=\"_blank\" rel=\"noopener noreferrer\"><strong>Info Flora<\/strong><\/a>: Centre national de donn\u00e9es et d\u2019informations sur la flore de Suisse. Centrale d\u2019information pour les plantes probl\u00e9matiques, notamment les <a href=\"https:\/\/www.infoflora.ch\/fr\/flore\/neophytes\/\" target=\"_blank\" rel=\"noopener noreferrer\">n\u00e9ophytes<\/a> ou plantes exotiques envahissantes. Informations sur la <a href=\"https:\/\/www.infoflora.ch\/fr\/flore\/conservation-des-esp%C3%A8ces\/\" target=\"_blank\" rel=\"noopener noreferrer\">conservation des plantes \u00e0 fleurs et des foug\u00e8res menac\u00e9es<\/a>.<\/li>\n<li><a href=\"http:\/\/www.infospecies.ch\/fr\/\"><strong>Infospecies<\/strong><\/a>: Centre suisse d&rsquo;informations sur les esp\u00e8ces<\/li>\n<li><a href=\"http:\/\/www.nism.uzh.ch\/index.php?content=einleitung&amp;lang=de\" target=\"_blank\" rel=\"noopener noreferrer\"><strong>Centre de donn\u00e9es sur les mousses de Suisse<\/strong><\/a> (en allemand) et <strong><a href=\"http:\/\/www.swissbryophytes.ch\/content\/index.php\/fr\/\" target=\"_blank\" rel=\"noopener noreferrer\">Flore des bryophytes en Suisse<\/a><\/strong><\/li>\n<li>Centre de coordination pour l&rsquo;\u00e9tude et la <strong>protection des chauves-souris<\/strong>, Suisse:\u00a0<a href=\"http:\/\/www.ville-ge.ch\/mhng\/cco\">CCO<\/a>\u00a0et <a href=\"http:\/\/fledermausschutz.ch\/index.html\">KOF<\/a><\/li>\n<li>Informations sur le <strong>capricorne asiatique<\/strong>: <a href=\"https:\/\/www.bafu.admin.ch\/bafu\/fr\/home\/themes\/forets\/info-specialistes\/pressions-sur-les-forets-suisses\/organismes-nuisibles-dangereux-pour-les-forets\/le-capricorne-asiatique---anoplophora-glabripennis.html\" target=\"_blank\" rel=\"noopener noreferrer\">OFEV<\/a>, <a href=\"http:\/\/www.wsl.ch\/forest\/wus\/diag\/index.php?MOD=25\" target=\"_blank\" rel=\"noopener noreferrer\">WSL<\/a><\/li>\n<li><strong><a class=\"teLi\" href=\"https:\/\/kbnl.ch\/wp-content\/uploads\/2020\/02\/Vollzug_Ersatz_Ausgleichsmassnahmen_200206.pdf\" target=\"_blank\" rel=\"noopener noreferrer\">Ex\u00e9cution : mesures de remplacement et mesures de compensation<\/a><\/strong><\/li>\n<\/ul>\n<p><\/p>","protected":false},"excerpt":{"rendered":"<p>Principes d&rsquo;entretien des habitats et des esp\u00e8ces des prairies riches en esp\u00e8ces dans le canton de Zurich (en allemand) Rapport (Pflegegrunds\u00e4tze f\u00fcr Lebensr\u00e4ume und Arten des artenreichen Gr\u00fcnlands im Kanton Z\u00fcrich) (Hintermann &amp; Weber, 2021) Annexe 6 (Hintermann &amp; Weber, 2021) Projet \u00ab\u00a0Plan d\u2019action Plateforme d\u2019\u00e9change pour la conservation des esp\u00e8ces sur le Plateau\u00a0\u00bbL\u2019objectif de &#8230;<\/p>\n","protected":false},"author":1,"featured_media":0,"parent":45,"menu_order":0,"comment_status":"closed","ping_status":"closed","template":"","meta":{"footnotes":""},"class_list":["post-224","page","type-page","status-publish","hentry"],"_links":{"self":[{"href":"https:\/\/kbnl.ch\/fr\/wp-json\/wp\/v2\/pages\/224","targetHints":{"allow":["GET"]}}],"collection":[{"href":"https:\/\/kbnl.ch\/fr\/wp-json\/wp\/v2\/pages"}],"about":[{"href":"https:\/\/kbnl.ch\/fr\/wp-json\/wp\/v2\/types\/page"}],"author":[{"embeddable":true,"href":"https:\/\/kbnl.ch\/fr\/wp-json\/wp\/v2\/users\/1"}],"replies":[{"embeddable":true,"href":"https:\/\/kbnl.ch\/fr\/wp-json\/wp\/v2\/comments?post=224"}],"version-history":[{"count":91,"href":"https:\/\/kbnl.ch\/fr\/wp-json\/wp\/v2\/pages\/224\/revisions"}],"predecessor-version":[{"id":2877,"href":"https:\/\/kbnl.ch\/fr\/wp-json\/wp\/v2\/pages\/224\/revisions\/2877"}],"up":[{"embeddable":true,"href":"https:\/\/kbnl.ch\/fr\/wp-json\/wp\/v2\/pages\/45"}],"wp:attachment":[{"href":"https:\/\/kbnl.ch\/fr\/wp-json\/wp\/v2\/media?parent=224"}],"curies":[{"name":"wp","href":"https:\/\/api.w.org\/{rel}","templated":true}]}}